{"id":2888,"date":"2022-11-11T20:51:10","date_gmt":"2022-11-11T19:51:10","guid":{"rendered":"https:\/\/tirardelhilo.info\/?page_id=2888"},"modified":"2022-11-28T22:00:05","modified_gmt":"2022-11-28T21:00:05","slug":"introduccion-tirar-del-hilo","status":"publish","type":"page","link":"https:\/\/tirardelhilo.info\/index.php\/introduccion-tirar-del-hilo\/","title":{"rendered":"Introducci\u00f3n: Tirar del hilo"},"content":{"rendered":"\t\t<div data-elementor-type=\"wp-page\" data-elementor-id=\"2888\" class=\"elementor elementor-2888\" data-elementor-settings=\"[]\">\n\t\t\t\t\t\t\t<div class=\"elementor-section-wrap\">\n\t\t\t\t\t\t\t<section class=\"elementor-section elementor-top-section elementor-element elementor-element-4aa0d72 elementor-section-boxed elementor-section-height-default elementor-section-height-default\" data-id=\"4aa0d72\" data-element_type=\"section\">\n\t\t\t\t\t\t<div class=\"elementor-container elementor-column-gap-default\">\n\t\t\t\t\t<div class=\"elementor-column elementor-col-100 elementor-top-column elementor-element elementor-element-63491c6\" data-id=\"63491c6\" data-element_type=\"column\">\n\t\t\t<div class=\"elementor-widget-wrap elementor-element-populated\">\n\t\t\t\t\t\t\t\t<div class=\"elementor-element elementor-element-fcb79fa elementor-widget elementor-widget-heading\" data-id=\"fcb79fa\" data-element_type=\"widget\" data-widget_type=\"heading.default\">\n\t\t\t\t<div class=\"elementor-widget-container\">\n\t\t\t<h2 class=\"elementor-heading-title elementor-size-default\">INTRODUCCI\u00d3N - TIRAR DEL HILO<\/h2>\t\t<\/div>\n\t\t\t\t<\/div>\n\t\t\t\t<div class=\"elementor-element elementor-element-82a7643 elementor-widget elementor-widget-html\" data-id=\"82a7643\" data-element_type=\"widget\" data-widget_type=\"html.default\">\n\t\t\t\t<div class=\"elementor-widget-container\">\n\t\t\t<iframe style=\"border-radius:12px\" src=\"https:\/\/open.spotify.com\/embed\/episode\/2ppmk4dbIMEd3puPAWYrxs?utm_source=generator&theme=0\" width=\"100%\" height=\"152\" frameBorder=\"0\" allowfullscreen=\"\" allow=\"autoplay; clipboard-write; encrypted-media; fullscreen; picture-in-picture\" loading=\"lazy\"><\/iframe>\t\t<\/div>\n\t\t\t\t<\/div>\n\t\t\t\t<div class=\"elementor-element elementor-element-1b6cff1 elementor-widget elementor-widget-text-editor\" data-id=\"1b6cff1\" data-element_type=\"widget\" data-widget_type=\"text-editor.default\">\n\t\t\t\t<div class=\"elementor-widget-container\">\n\t\t\t\t\t\t\t\t<p><span style=\"font-weight: 400;\">Al hablar de violencia machista, sabemos que las agresiones f\u00edsicas son la punta del iceberg, el cabo de la madeja. Por debajo encontramos tambi\u00e9n violencia psicol\u00f3gica, econ\u00f3mica, sexual y reproductiva.<\/span><\/p><p><span style=\"font-weight: 400;\">Estas violencias se combinan, se entrelazan y acaban creando una madeja llena de nudos. Para desenredarla, hay que tirar del hilo.<\/span><\/p>\t\t\t\t\t\t<\/div>\n\t\t\t\t<\/div>\n\t\t\t\t<section class=\"elementor-section elementor-inner-section elementor-element elementor-element-66c9ae3 elementor-section-full_width elementor-section-height-default elementor-section-height-default\" data-id=\"66c9ae3\" data-element_type=\"section\">\n\t\t\t\t\t\t<div class=\"elementor-container elementor-column-gap-default\">\n\t\t\t\t\t<div class=\"elementor-column elementor-col-50 elementor-inner-column elementor-element elementor-element-f202c62\" data-id=\"f202c62\" data-element_type=\"column\">\n\t\t\t<div class=\"elementor-widget-wrap elementor-element-populated\">\n\t\t\t\t\t\t\t\t<div class=\"elementor-element elementor-element-0659cda elementor-widget elementor-widget-image\" data-id=\"0659cda\" data-element_type=\"widget\" data-widget_type=\"image.default\">\n\t\t\t\t<div class=\"elementor-widget-container\">\n\t\t\t\t\t\t\t\t\t\t\t\t\t\t\t<img width=\"300\" height=\"300\" src=\"https:\/\/tirardelhilo.info\/wp-content\/uploads\/2022\/11\/imagenes_podcast-41-300x300.png\" class=\"attachment-medium size-medium\" alt=\"\" loading=\"lazy\" srcset=\"https:\/\/tirardelhilo.info\/wp-content\/uploads\/2022\/11\/imagenes_podcast-41-300x300.png 300w, https:\/\/tirardelhilo.info\/wp-content\/uploads\/2022\/11\/imagenes_podcast-41-1024x1024.png 1024w, https:\/\/tirardelhilo.info\/wp-content\/uploads\/2022\/11\/imagenes_podcast-41-150x150.png 150w, https:\/\/tirardelhilo.info\/wp-content\/uploads\/2022\/11\/imagenes_podcast-41-768x768.png 768w, https:\/\/tirardelhilo.info\/wp-content\/uploads\/2022\/11\/imagenes_podcast-41-1536x1536.png 1536w, https:\/\/tirardelhilo.info\/wp-content\/uploads\/2022\/11\/imagenes_podcast-41-2048x2048.png 2048w, https:\/\/tirardelhilo.info\/wp-content\/uploads\/2022\/11\/imagenes_podcast-41-400x400.png 400w, https:\/\/tirardelhilo.info\/wp-content\/uploads\/2022\/11\/imagenes_podcast-41-100x100.png 100w\" sizes=\"(max-width: 300px) 100vw, 300px\" \/>\t\t\t\t\t\t\t\t\t\t\t\t\t\t\t<\/div>\n\t\t\t\t<\/div>\n\t\t\t\t\t<\/div>\n\t\t<\/div>\n\t\t\t\t<div class=\"elementor-column elementor-col-50 elementor-inner-column elementor-element elementor-element-3df951a\" data-id=\"3df951a\" data-element_type=\"column\">\n\t\t\t<div class=\"elementor-widget-wrap elementor-element-populated\">\n\t\t\t\t\t\t\t\t<div class=\"elementor-element elementor-element-05fa6a4 elementor-widget elementor-widget-heading\" data-id=\"05fa6a4\" data-element_type=\"widget\" data-widget_type=\"heading.default\">\n\t\t\t\t<div class=\"elementor-widget-container\">\n\t\t\t<h3 class=\"elementor-heading-title elementor-size-default\">Cr\u00e9ditos<\/h3>\t\t<\/div>\n\t\t\t\t<\/div>\n\t\t\t\t<div class=\"elementor-element elementor-element-4752daf elementor-widget elementor-widget-text-editor\" data-id=\"4752daf\" data-element_type=\"widget\" data-widget_type=\"text-editor.default\">\n\t\t\t\t<div class=\"elementor-widget-container\">\n\t\t\t\t\t\t\t\t<p><strong>Participan:\u00a0<\/strong>Bel\u00e9n, Paola Verderjo, Silvina Monteros<\/p><p><strong>Locuci\u00f3n:\u00a0<\/strong>Beatriz Cantero<\/p><p><strong>Guion y realizaci\u00f3n:\u00a0<\/strong>Paula Morais<\/p><p><strong>M\u00fasica:\u00a0<\/strong>Paula Morais<\/p><p><strong>Colaboraron:\u00a0<\/strong>Laura Casielles, Tatiana Retamozo, Edith Espinola<\/p>\t\t\t\t\t\t<\/div>\n\t\t\t\t<\/div>\n\t\t\t\t\t<\/div>\n\t\t<\/div>\n\t\t\t\t\t\t\t<\/div>\n\t\t<\/section>\n\t\t\t\t<section class=\"elementor-section elementor-inner-section elementor-element elementor-element-d68346a elementor-section-full_width elementor-section-height-default elementor-section-height-default\" data-id=\"d68346a\" data-element_type=\"section\">\n\t\t\t\t\t\t<div class=\"elementor-container elementor-column-gap-default\">\n\t\t\t\t\t<div class=\"elementor-column elementor-col-50 elementor-inner-column elementor-element elementor-element-18d791e\" data-id=\"18d791e\" data-element_type=\"column\">\n\t\t\t<div class=\"elementor-widget-wrap\">\n\t\t\t\t\t\t\t\t\t<\/div>\n\t\t<\/div>\n\t\t\t\t<div class=\"elementor-column elementor-col-50 elementor-inner-column elementor-element elementor-element-6e5cd53\" data-id=\"6e5cd53\" data-element_type=\"column\">\n\t\t\t<div class=\"elementor-widget-wrap elementor-element-populated\">\n\t\t\t\t\t\t\t\t<div class=\"elementor-element elementor-element-9a84a03 elementor-align-right elementor-widget elementor-widget-button\" data-id=\"9a84a03\" data-element_type=\"widget\" data-widget_type=\"button.default\">\n\t\t\t\t<div class=\"elementor-widget-container\">\n\t\t\t\t\t<div class=\"elementor-button-wrapper\">\n\t\t\t<a href=\"https:\/\/tirardelhilo.info\/index.php\/episodio-1-puntadas-invisibles\/\" class=\"elementor-button-link elementor-button elementor-size-sm\" role=\"button\">\n\t\t\t\t\t\t<span class=\"elementor-button-content-wrapper\">\n\t\t\t\t\t\t<span class=\"elementor-button-text\">Siguiente episodio<\/span>\n\t\t<\/span>\n\t\t\t\t\t<\/a>\n\t\t<\/div>\n\t\t\t\t<\/div>\n\t\t\t\t<\/div>\n\t\t\t\t\t<\/div>\n\t\t<\/div>\n\t\t\t\t\t\t\t<\/div>\n\t\t<\/section>\n\t\t\t\t<div class=\"elementor-element elementor-element-fde1df7 elementor-widget elementor-widget-spacer\" data-id=\"fde1df7\" data-element_type=\"widget\" data-widget_type=\"spacer.default\">\n\t\t\t\t<div class=\"elementor-widget-container\">\n\t\t\t\t\t<div class=\"elementor-spacer\">\n\t\t\t<div class=\"elementor-spacer-inner\"><\/div>\n\t\t<\/div>\n\t\t\t\t<\/div>\n\t\t\t\t<\/div>\n\t\t\t\t<div class=\"elementor-element elementor-element-a5b421f elementor-widget-divider--view-line elementor-widget elementor-widget-divider\" data-id=\"a5b421f\" data-element_type=\"widget\" data-widget_type=\"divider.default\">\n\t\t\t\t<div class=\"elementor-widget-container\">\n\t\t\t\t\t<div class=\"elementor-divider\">\n\t\t\t<span class=\"elementor-divider-separator\">\n\t\t\t\t\t\t<\/span>\n\t\t<\/div>\n\t\t\t\t<\/div>\n\t\t\t\t<\/div>\n\t\t\t\t<section class=\"elementor-section elementor-inner-section elementor-element elementor-element-2be2692 elementor-section-full_width elementor-section-height-default elementor-section-height-default\" data-id=\"2be2692\" data-element_type=\"section\" data-settings=\"{&quot;background_background&quot;:&quot;classic&quot;}\">\n\t\t\t\t\t\t<div class=\"elementor-container elementor-column-gap-default\">\n\t\t\t\t\t<div class=\"elementor-column elementor-col-100 elementor-inner-column elementor-element elementor-element-a8f9baf\" data-id=\"a8f9baf\" data-element_type=\"column\">\n\t\t\t<div class=\"elementor-widget-wrap elementor-element-populated\">\n\t\t\t\t\t\t\t\t<div class=\"elementor-element elementor-element-33e16d6 elementor-widget elementor-widget-heading\" data-id=\"33e16d6\" data-element_type=\"widget\" data-widget_type=\"heading.default\">\n\t\t\t\t<div class=\"elementor-widget-container\">\n\t\t\t<p class=\"elementor-heading-title elementor-size-default\">TIRAR DEL HILO II. An\u00e1lisis de la debida diligencia en la protecci\u00f3n y atenci\u00f3n de las mujeres migradas v\u00edctimas y supervivientes de violencia machista<\/p>\t\t<\/div>\n\t\t\t\t<\/div>\n\t\t\t\t<div class=\"elementor-element elementor-element-8c12682 elementor-align-center elementor-widget elementor-widget-button\" data-id=\"8c12682\" data-element_type=\"widget\" data-widget_type=\"button.default\">\n\t\t\t\t<div class=\"elementor-widget-container\">\n\t\t\t\t\t<div class=\"elementor-button-wrapper\">\n\t\t\t<a href=\"https:\/\/tirardelhilo.info\/wp-content\/uploads\/2022\/11\/Tirar-del-Hilo-II-Informe-completo.pdf\" target=\"_blank\" class=\"elementor-button-link elementor-button elementor-size-lg\" role=\"button\">\n\t\t\t\t\t\t<span class=\"elementor-button-content-wrapper\">\n\t\t\t\t\t\t<span class=\"elementor-button-text\">DESCARGA EL INFORME<\/span>\n\t\t<\/span>\n\t\t\t\t\t<\/a>\n\t\t<\/div>\n\t\t\t\t<\/div>\n\t\t\t\t<\/div>\n\t\t\t\t\t<\/div>\n\t\t<\/div>\n\t\t\t\t\t\t\t<\/div>\n\t\t<\/section>\n\t\t\t\t<div class=\"elementor-element elementor-element-4b757fe elementor-widget elementor-widget-spacer\" data-id=\"4b757fe\" data-element_type=\"widget\" data-widget_type=\"spacer.default\">\n\t\t\t\t<div class=\"elementor-widget-container\">\n\t\t\t\t\t<div class=\"elementor-spacer\">\n\t\t\t<div class=\"elementor-spacer-inner\"><\/div>\n\t\t<\/div>\n\t\t\t\t<\/div>\n\t\t\t\t<\/div>\n\t\t\t\t\t<\/div>\n\t\t<\/div>\n\t\t\t\t\t\t\t<\/div>\n\t\t<\/section>\n\t\t\t\t<section class=\"elementor-section elementor-top-section elementor-element elementor-element-426baec elementor-section-boxed elementor-section-height-default elementor-section-height-default\" data-id=\"426baec\" data-element_type=\"section\">\n\t\t\t\t\t\t<div class=\"elementor-container elementor-column-gap-default\">\n\t\t\t\t\t<div class=\"elementor-column elementor-col-100 elementor-top-column elementor-element elementor-element-9757f64\" data-id=\"9757f64\" data-element_type=\"column\">\n\t\t\t<div class=\"elementor-widget-wrap\">\n\t\t\t\t\t\t\t\t\t<\/div>\n\t\t<\/div>\n\t\t\t\t\t\t\t<\/div>\n\t\t<\/section>\n\t\t\t\t\t\t<\/div>\n\t\t\t\t\t<\/div>\n\t\t","protected":false},"excerpt":{"rendered":"<p>INTRODUCCI\u00d3N &#8211; TIRAR DEL HILO Al hablar de violencia machista, sabemos que las agresiones f\u00edsicas son la punta del iceberg, el cabo de la madeja. Por debajo encontramos tambi\u00e9n violencia psicol\u00f3gica, econ\u00f3mica, sexual y reproductiva. Estas violencias se combinan, se entrelazan y acaban creando una madeja llena de nudos. Para desenredarla, hay que tirar del [&hellip;]<\/p>\n","protected":false},"author":1,"featured_media":2911,"parent":0,"menu_order":0,"comment_status":"closed","ping_status":"closed","template":"elementor_header_footer","meta":[],"yoast_head":"<!-- This site is optimized with the Yoast SEO plugin v16.4 - https:\/\/yoast.com\/wordpress\/plugins\/seo\/ -->\n<title>Introducci\u00f3n: Tirar del hilo - Tirar del hilo<\/title>\n<meta name=\"description\" content=\"Al hablar de violencia machista podemos contar historias de vida como la de Bel\u00e9n, que cuenta su historia junto con Silvina y Paola en este podcast.\" \/>\n<meta name=\"robots\" content=\"index, follow, max-snippet:-1, max-image-preview:large, max-video-preview:-1\" \/>\n<link rel=\"canonical\" href=\"https:\/\/tirardelhilo.info\/index.php\/introduccion-tirar-del-hilo\/\" \/>\n<meta property=\"og:locale\" content=\"es_ES\" \/>\n<meta property=\"og:type\" content=\"article\" \/>\n<meta property=\"og:title\" content=\"Introducci\u00f3n: Tirar del hilo - Tirar del hilo\" \/>\n<meta property=\"og:description\" content=\"Al hablar de violencia machista podemos contar historias de vida como la de Bel\u00e9n, que cuenta su historia junto con Silvina y Paola en este podcast.\" \/>\n<meta property=\"og:url\" content=\"https:\/\/tirardelhilo.info\/index.php\/introduccion-tirar-del-hilo\/\" \/>\n<meta property=\"og:site_name\" content=\"Tirar del hilo\" \/>\n<meta property=\"article:modified_time\" content=\"2022-11-28T21:00:05+00:00\" \/>\n<meta property=\"og:image\" content=\"https:\/\/tirardelhilo.info\/wp-content\/uploads\/2022\/11\/imagenes_podcast-41.png\" \/>\n\t<meta property=\"og:image:width\" content=\"2251\" \/>\n\t<meta property=\"og:image:height\" content=\"2251\" \/>\n<meta name=\"twitter:card\" content=\"summary_large_image\" \/>\n<meta name=\"twitter:image\" content=\"https:\/\/tirardelhilo.info\/wp-content\/uploads\/2022\/11\/imagenes_podcast-41.png\" \/>\n<meta name=\"twitter:label1\" content=\"Tiempo de lectura\" \/>\n\t<meta name=\"twitter:data1\" content=\"1 minuto\" \/>\n<script type=\"application\/ld+json\" class=\"yoast-schema-graph\">{\"@context\":\"https:\/\/schema.org\",\"@graph\":[{\"@type\":\"Organization\",\"@id\":\"https:\/\/tirardelhilo.info\/#organization\",\"name\":\"Tirar del hilo\",\"url\":\"https:\/\/tirardelhilo.info\/\",\"sameAs\":[],\"logo\":{\"@type\":\"ImageObject\",\"@id\":\"https:\/\/tirardelhilo.info\/#logo\",\"inLanguage\":\"es\",\"url\":\"http:\/\/tirardelhilo.info\/wp-content\/uploads\/2021\/06\/INFORME-scaled.jpg\",\"contentUrl\":\"http:\/\/tirardelhilo.info\/wp-content\/uploads\/2021\/06\/INFORME-scaled.jpg\",\"width\":2560,\"height\":1707,\"caption\":\"Tirar del hilo\"},\"image\":{\"@id\":\"https:\/\/tirardelhilo.info\/#logo\"}},{\"@type\":\"WebSite\",\"@id\":\"https:\/\/tirardelhilo.info\/#website\",\"url\":\"https:\/\/tirardelhilo.info\/\",\"name\":\"Tirar del hilo\",\"description\":\"\",\"publisher\":{\"@id\":\"https:\/\/tirardelhilo.info\/#organization\"},\"potentialAction\":[{\"@type\":\"SearchAction\",\"target\":\"https:\/\/tirardelhilo.info\/?s={search_term_string}\",\"query-input\":\"required name=search_term_string\"}],\"inLanguage\":\"es\"},{\"@type\":\"ImageObject\",\"@id\":\"https:\/\/tirardelhilo.info\/index.php\/introduccion-tirar-del-hilo\/#primaryimage\",\"inLanguage\":\"es\",\"url\":\"https:\/\/tirardelhilo.info\/wp-content\/uploads\/2022\/11\/imagenes_podcast-41.png\",\"contentUrl\":\"https:\/\/tirardelhilo.info\/wp-content\/uploads\/2022\/11\/imagenes_podcast-41.png\",\"width\":2251,\"height\":2251,\"caption\":\"Introducci\\u00f3n - Tirar del hilo\"},{\"@type\":\"WebPage\",\"@id\":\"https:\/\/tirardelhilo.info\/index.php\/introduccion-tirar-del-hilo\/#webpage\",\"url\":\"https:\/\/tirardelhilo.info\/index.php\/introduccion-tirar-del-hilo\/\",\"name\":\"Introducci\\u00f3n: Tirar del hilo - Tirar del hilo\",\"isPartOf\":{\"@id\":\"https:\/\/tirardelhilo.info\/#website\"},\"primaryImageOfPage\":{\"@id\":\"https:\/\/tirardelhilo.info\/index.php\/introduccion-tirar-del-hilo\/#primaryimage\"},\"datePublished\":\"2022-11-11T19:51:10+00:00\",\"dateModified\":\"2022-11-28T21:00:05+00:00\",\"description\":\"Al hablar de violencia machista podemos contar historias de vida como la de Bel\\u00e9n, que cuenta su historia junto con Silvina y Paola en este podcast.\",\"breadcrumb\":{\"@id\":\"https:\/\/tirardelhilo.info\/index.php\/introduccion-tirar-del-hilo\/#breadcrumb\"},\"inLanguage\":\"es\",\"potentialAction\":[{\"@type\":\"ReadAction\",\"target\":[\"https:\/\/tirardelhilo.info\/index.php\/introduccion-tirar-del-hilo\/\"]}]},{\"@type\":\"BreadcrumbList\",\"@id\":\"https:\/\/tirardelhilo.info\/index.php\/introduccion-tirar-del-hilo\/#breadcrumb\",\"itemListElement\":[{\"@type\":\"ListItem\",\"position\":1,\"item\":{\"@type\":\"WebPage\",\"@id\":\"https:\/\/tirardelhilo.info\/\",\"url\":\"https:\/\/tirardelhilo.info\/\",\"name\":\"Portada\"}},{\"@type\":\"ListItem\",\"position\":2,\"item\":{\"@id\":\"https:\/\/tirardelhilo.info\/index.php\/introduccion-tirar-del-hilo\/#webpage\"}}]}]}<\/script>\n<!-- \/ Yoast SEO plugin. -->","_links":{"self":[{"href":"https:\/\/tirardelhilo.info\/index.php\/wp-json\/wp\/v2\/pages\/2888"}],"collection":[{"href":"https:\/\/tirardelhilo.info\/index.php\/wp-json\/wp\/v2\/pages"}],"about":[{"href":"https:\/\/tirardelhilo.info\/index.php\/wp-json\/wp\/v2\/types\/page"}],"author":[{"embeddable":true,"href":"https:\/\/tirardelhilo.info\/index.php\/wp-json\/wp\/v2\/users\/1"}],"replies":[{"embeddable":true,"href":"https:\/\/tirardelhilo.info\/index.php\/wp-json\/wp\/v2\/comments?post=2888"}],"version-history":[{"count":56,"href":"https:\/\/tirardelhilo.info\/index.php\/wp-json\/wp\/v2\/pages\/2888\/revisions"}],"predecessor-version":[{"id":3510,"href":"https:\/\/tirardelhilo.info\/index.php\/wp-json\/wp\/v2\/pages\/2888\/revisions\/3510"}],"wp:featuredmedia":[{"embeddable":true,"href":"https:\/\/tirardelhilo.info\/index.php\/wp-json\/wp\/v2\/media\/2911"}],"wp:attachment":[{"href":"https:\/\/tirardelhilo.info\/index.php\/wp-json\/wp\/v2\/media?parent=2888"}],"curies":[{"name":"wp","href":"https:\/\/api.w.org\/{rel}","templated":true}]}}